{"id":3216,"date":"2019-01-18T09:33:07","date_gmt":"2019-01-18T09:33:07","guid":{"rendered":"https:\/\/www.aquasportclubs.com\/privacitat\/"},"modified":"2023-12-21T15:51:42","modified_gmt":"2023-12-21T13:51:42","slug":"privacitat","status":"publish","type":"page","link":"https:\/\/www.aquasportclubs.com\/ca\/privacitat\/","title":{"rendered":"Privacitat"},"content":{"rendered":"<p>[vc_row css_animation=\u00bb\u00bb row_type=\u00bbrow\u00bb use_row_as_full_screen_section=\u00bbno\u00bb type=\u00bbfull_width\u00bb angled_section=\u00bbno\u00bb text_align=\u00bbleft\u00bb background_image_as_pattern=\u00bbwithout_pattern\u00bb][vc_column css=\u00bb.vc_custom_1544044378228{margin-bottom: 100px !important;}\u00bb][vc_column_text]<\/p>\n<h2 style=\"color: #fbbe0b;\">POL\u00cdTICA DE PROTECCI\u00d3 DE DADES aquasportclubs.com<\/h2>\n<p>&nbsp;<\/p>\n<p>Aquesta pol\u00edtica de protecci\u00f3 de dades personals estableix les bases sobre les que Gim\u00e0s Sama S.L tracta les seves dades personals quan ens els faciliti durant la seva experi\u00e8ncia a trav\u00e9s de la nostra p\u00e0gina web www.aquasportclubs.com (en endavant, \u00abla Web\u00bb). La protecci\u00f3 de les dades personals \u00e9s de vital import\u00e0ncia per a nosaltres, per aix\u00f2 creiem que un adequat tractament dels mateixos basat en la transpar\u00e8ncia amb els nostres clients, genera confian\u00e7a i tranquil\u00b7litat.<\/p>\n<p>Recordeu que cada vegada que navegui, compri els nostres serveis o productes, o faci \u00fas dels serveis i funcionalitats del web i se li sol\u00b7licitin dades personals o sigui necessari que accedim a ells, li ser\u00e0 d&#8217;aplicaci\u00f3 la present Pol\u00edtica de Privacitat. Per aix\u00f2 ha de llegir-la i comprovar que est\u00e0 d&#8217;acord amb ella. Rev\u00edsela peri\u00f2dicament per si es produeixen canvis en la mateixa.<\/p>\n<p>&nbsp;<\/p>\n<h4>Qui \u00e9s el responsable del tractament de les teves dades?<\/h4>\n<p>Identitat: Gimn\u00e0s Sam\u00e0 S.L. (tamb\u00e9 referit com \u00abaqua\u00bb, \u00abnosaltres\u00bb o \u00abnostre\u00bb). CIF: B- 60601465<\/p>\n<p>Domicili: C\/ Solicrup 10, Vilanova i la Geltr\u00fa 08800 Barcelona<\/p>\n<p>Tel\u00e8fon: 938150956<\/p>\n<p>Si t\u00e9 qualsevol pregunta, petici\u00f3 o inquietud sobre el tractament que realitzem de les seves dades personals, contacti amb el nostre Delegat de Protecci\u00f3 de Dades a aqua@aquasportclubs.com<\/p>\n<p>&nbsp;<\/p>\n<h4>Quines dades personals tractem?<\/h4>\n<p>Quan indiquem que tractarem les seves dades personals ens referim a qualsevol informaci\u00f3 o dada que permeti identificar-lo, sigui directament (per exemple el seu nom i cognoms), com indirectament (per exemple el seu n\u00famero de tel\u00e8fon).<\/p>\n<p>Les dades personals que recaptem a trav\u00e9s del web pot ser directament a trav\u00e9s de formularis, aplicacions, dispositius o p\u00e0gines en xarxes socials, i es recullen dades com ara: nom i cognoms, correu electr\u00f2nic, tel\u00e8fon, domicili, DNI, data de naixement, g\u00e8nere, dades banc\u00e0ries (altes en l\u00ednia), si t\u00e9 condici\u00f3 de soci o no, objectiu que es busca en contractar determinats serveis (aprimar, muscular &#8230;), disponibilitat hor\u00e0ria o nom d&#8217;usuari; i tamb\u00e9 dades que recaptem nosaltres indirectament com: prefer\u00e8ncies personals i h\u00e0bits de compra, informaci\u00f3 sobre com fas servir la web obtinguda a trav\u00e9s de galetes, identificadors num\u00e8rics \u00fanics com l&#8217;adre\u00e7a IP del seu ordinador o contingut generat per l&#8217;usuari.<\/p>\n<p>&nbsp;<\/p>\n<h4>Amb quines finalitats tractem les seves dades personals?<\/h4>\n<p>Les dades recollides o rebuts a trav\u00e9s del web es tracten per als seg\u00fcents prop\u00f2sits:<\/p>\n<ul>\n<li>Atenci\u00f3 a l&#8217;usuari: per respondre les consultes, peticions d&#8217;informaci\u00f3, reclamacions i suggeriments que puguin fer-nos a trav\u00e9s del web, i que poden estar relacionats amb qualsevol dels nostres serveis, productes, preus, promocions, entre d&#8217;altres.<\/li>\n<\/ul>\n<p>&nbsp;<\/p>\n<ul>\n<li>Celebraci\u00f3 i gesti\u00f3 de la relaci\u00f3 contractual: el que inclou la gesti\u00f3 de l&#8217;alta on-line com a client, la desc\u00e0rrega d&#8217;una invitaci\u00f3, o la inscripci\u00f3 en activitats, cursos o esdeveniments; contactar amb vost\u00e8. per finalitzar l&#8217;alta on-line quan ha iniciat el proc\u00e9s amb la finalitat de assistir-lo en la informaci\u00f3 que pugui necessitar; l&#8217;enviament de la documentaci\u00f3 corresponent; processar i fer seguiment de l&#8217;alta fins a la seva personaci\u00f3 en el centre per finalitzar les gestions (p.ex, per al lliurament del carnet o polsera d&#8217;acc\u00e9s); atendre les seves consultes i gestionar qualsevol disputa en relaci\u00f3 amb les referides transaccions; administrar el pagament de l&#8217;alta on-line; gestionar el programa de fidelitzaci\u00f3 de clients; permetre la seva participaci\u00f3 en concursos, publicar comentaris i continguts en el nostre bloc i xarxes socials, aix\u00ed com mostrar-li els horaris d&#8217;activitats dirigides del centre seleccionat o el centre m\u00e9s proper a la seva ubicaci\u00f3 (app). Tamb\u00e9 inclou permetre el seu registre a la web, tant si \u00e9s client aqua com si no ho \u00e9s, i permetre les gestions previstes en l&#8217;\u00e0rea privada de la web ( \u00abGestions Online\u00bb): inscriure en activitats, esdeveniments i cursos; reservar pistes, entre d&#8217;altres.<\/li>\n<\/ul>\n<p>&nbsp;<\/p>\n<ul>\n<li>Activitats comercials, promocionals i de m\u00e0rqueting: li podrem contactar per realitzar un seguiment comercial i promocionar els nostres serveis i productes. El contacte per a aquests fins es podr\u00e0 realitzar a trav\u00e9s de qualsevol canal de comunicaci\u00f3 existent: principalment mitjan\u00e7ant correu electr\u00f2nic, trucades telef\u00f2niques, serveis de missatgeria (inclosos SMS i notificacions push en app), xarxes socials i correu postal. Aquestes accions comercials inclou poder-li contactar telef\u00f2nicament durant el proc\u00e9s d&#8217;alta on-line aix\u00ed com mostrar anuncis i contingut en l\u00ednia i en xarxes socials.<\/li>\n<\/ul>\n<p>&nbsp;<\/p>\n<ul>\n<li>Elaboraci\u00f3 d&#8217;un perfil comercial: podrem demanar i analitzar les seves dades personals per a avaluar certs aspectes personals, en particular per analitzar o predir aspectes relacionats amb les seves prefer\u00e8ncies personals, interessos, situaci\u00f3 econ\u00f2mica, comportament, ubicaci\u00f3 o relacions amb altres usuaris i en base a aquest an\u00e0lisi li enviarem o mostrarem comunicacions publicit\u00e0ries o continguts adaptats. Aquest tractament \u00e9s tamb\u00e9 conegut com profiling, i consisteix en definitiva a categoritzar a una persona en funci\u00f3 de les seves caracter\u00edstiques pr\u00f2pies a partir del tractament automatitzat de les seves dades personals. S&#8217;utilitza de forma habitual a les accions de m\u00e0rqueting i resulta pr\u00e0ctic per identificar el perfil del consumidor o definir el target (client objectiu) d&#8217;una campanya publicit\u00e0ria. Li recordem que t\u00e9 dret a oposar-se a que les seves dades s&#8217;utilitzin per a l&#8217;elaboraci\u00f3 d&#8217;un perfil, en els termes que s&#8217;informa m\u00e9s endavant en l&#8217;apartat relatiu als drets que l&#8217;assisteixen. En cap cas utilitzarem aquest perfil per prendre decisions que es basin \u00fanicament en el tractament automatitzat de les seves dades i que comporti efectes jur\u00eddics sobre vost\u00e8. O que l&#8217;afectin significativament de manera similar (p.ex, denegar la contractaci\u00f3 en xarxa en qu\u00e8 no mitjana intervenci\u00f3 humana alguna).<\/li>\n<\/ul>\n<p>&nbsp;<\/p>\n<ul>\n<li>An\u00e0lisi i millora dels serveis i productes: per poder comprendre millor les necessitats i expectatives dels usuaris i per tal de millorar la nostra atenci\u00f3 al client, els nostres serveis i productes, li podrem enviar enquestes de satisfacci\u00f3 i qualitat aix\u00ed com realitzar estad\u00edstiques (aquestes ens permetran saber, per exemple, la reacci\u00f3 dels usuaris a les nostres campanyes publicit\u00e0ries). Aix\u00ed mateix, amb la finalitat de permetre un adequat funcionament del web \/ aplicacions i que millori l&#8217;experi\u00e8ncia de l&#8217;usuari (p.ex. permetre una visualitzaci\u00f3 adequada del seu contingut; recordar l&#8217;inici de sessi\u00f3 o l&#8217;idioma de prefer\u00e8ncia), s&#8217;utilitzen galetes t\u00e8cniques i funcionals. Aquestes galetes recullen dades relacionades amb l&#8217;\u00fas que es fa de la web \/ aplicacions, sobre la p\u00e0gina web de la que ve, detalls de registre, p\u00e0gines, v\u00eddeos o anuncis que ha visitat, productes consultats, durada de la visita, ubicaci\u00f3 i informaci\u00f3 t\u00e8cnica (adre\u00e7a IP, informaci\u00f3 del navegador, identificador del dispositiu amb el qual navega &#8230;).<\/li>\n<\/ul>\n<p>&nbsp;<\/p>\n<ul>\n<li>An\u00e0lisi de candidats a un lloc de treball: en el cas que ens envi\u00ef el seu CV a trav\u00e9s de l&#8217;apartat habilitat a l&#8217;efecte, l&#8217;informem que les dades personals aportades es tractaran amb la finalitat d&#8217;analitzar la seva candidatura i perfil per valorar la seva participaci\u00f3 en processos de selecci\u00f3 actuals o futurs per a la seva contractaci\u00f3.<\/li>\n<\/ul>\n<p>&nbsp;<\/p>\n<ul>\n<li>Compliment d&#8217;obligacions legals: pot existir normativa que obligui a la retenci\u00f3 de dades personals per al compliment de determinades obligacions legals o per a l&#8217;atenci\u00f3 de responsabilitats. Aix\u00ed per exemple, el Reglament General de Protecci\u00f3 de Dades habilita poder mantenir bloquejades les dades personals d&#8217;aquelles persones que hagin exercit el seu dret de supressi\u00f3 durant el per\u00edode en qu\u00e8 puguin derivar responsabilitats i aix\u00f2 amb la finalitat de poder formular, exercir o defensar-se de reclamacions . Tamb\u00e9 es podran mantenir les seves dades per tal d&#8217;evitar que li enviem comunicacions comercials si ha sol\u00b7licitat no seguir rebent.<\/li>\n<\/ul>\n<p>&nbsp;<\/p>\n<h4>Per quant de temps conservem les seves dades?<\/h4>\n<p>Les dades personals proporcionades es conservaran durant el temps necessari per a la finalitat per a la qual tractem les seves dades, per atendre les seves peticions o necessitats, aix\u00ed com per complir les nostres obligacions legals i reglament\u00e0ries i la defensa dels nostres interessos (p.ex. per a la nostra defensa davant els tribunals) o amb fins estad\u00edstics o hist\u00f2rics. El criteri per determinar el per\u00edode de retenci\u00f3 de les seves dades personals \u00e9s el seg\u00fcent:<\/p>\n<ul>\n<li>Dades personals obtingudes a contractar on-line els nostres serveis: mentre duri la nostra relaci\u00f3 contractual;<\/li>\n<li>Dades personals obtingudes en contactar amb nosaltres per a una consulta: durant el temps necessari per atendre la seva consulta;<\/li>\n<li>Dades personals obtingudes en crear un compte en l\u00ednia (gestions on-line): mentre duri la nostra relaci\u00f3 contractual si \u00e9s client o en el cas de no abonats, fins que ens demani que els eliminem o despr\u00e9s d&#8217;un per\u00edode d&#8217;inactivitat (sense interacci\u00f3 activa amb nosaltres) podrem eliminar-lo autom\u00e0ticament;<\/li>\n<li>Dades personals obtingudes en prestar el seu consentiment per a l&#8217;enviament de comunicacions comercials: fins que cancel\u00b7li la subscripci\u00f3, exigeixi que el eliminem o despr\u00e9s d&#8217;un per\u00edode d&#8217;inactivitat (sense interacci\u00f3 activa amb nosaltres);<\/li>\n<li>Dades personals de candidats: mentre duri el proc\u00e9s de selecci\u00f3 i per un per\u00edode m\u00e0xim de dos anys. Transcorregut aquest termini si desitja continuar participant en processos de selecci\u00f3, ha de remetre novament el seu CV.<\/li>\n<li>Galetes que s&#8217;instal\u00b7len al seu ordinador: les guardem durant el temps necessari per aconseguir els seus prop\u00f2sits (per exemple, durant una sessi\u00f3 per galetes de carret de compres o galetes d&#8217;identificaci\u00f3 de sessi\u00f3).<\/li>\n<\/ul>\n<p>&nbsp;<\/p>\n<h4>Quina \u00e9s la legitimaci\u00f3 per al tractament de les seves dades?<\/h4>\n<p>La base legal per al tractament de les seves dades personals pot ser:<\/p>\n<ul>\n<li>El seu consentiment (per exemple, l&#8217;enviament de comunicacions comercials o d&#8217;enquestes de qualitat);<\/li>\n<li>El nostre inter\u00e8s leg\u00edtim, que pot ser:<\/li>\n<li>Realitzaci\u00f3 d&#8217;estad\u00edstiques: per ajudar-nos a comprendre millor les seves necessitats i expectatives i, per tant, millorar els nostres serveis, llocs web \/ aplicacions \/ dispositius, productes i marques.<\/li>\n<li>Permetre el funcionament del nostre lloc web \/ aplicacions a trav\u00e9s de galetes t\u00e8cniques i funcionals: mantenir les nostres eines (llocs web \/ aplicacions \/ dispositius) fora de perill i segures i garantir que funcionin correctament i millorin cont\u00ednuament.<\/li>\n<li>Elaboraci\u00f3 de perfils.<\/li>\n<li>Oferir el nostre servei d&#8217;atenci\u00f3 al consumidor.<\/li>\n<li>L&#8217;execuci\u00f3 d&#8217;un contracte: realitzar els serveis que ens sol\u00b7licita;<br \/>\nCompliment d&#8217;obligacions legals que comporten un tractament de dades personals (per exemple, facturaci\u00f3).<\/li>\n<\/ul>\n<p>&nbsp;<\/p>\n<h4>A qu\u00e8 destinataris es comuniquen les seves dades? Hi ha transfer\u00e8ncia internacional d&#8217;aquests?<\/h4>\n<p>Les seves dades no seran comunicades a tercers amb els quals Aqua hagi subscrit algun tipus d&#8217;acord de col\u00b7laboraci\u00f3 per a remetre-li informaci\u00f3 comercial, sin\u00f3 que, en tot cas, la informaci\u00f3 del tercer ser\u00e0 incorporada en les comunicacions que ja li ve enviat Aqua (pe mitjan\u00e7ant la inclusi\u00f3 d&#8217;un banner a la newsletter de aqua).<\/p>\n<p>Les seves dades personals poden ser tractats o emmagatzemats en pa\u00efsos diferents als de l&#8217;Espai Econ\u00f2mic Europeu (EEE), en funci\u00f3 d&#8217;on estiguin ubicats els nostres prove\u00efdors de serveis. \u00danicament es transfereixen dades fora de l&#8217;EEE si ofereix garanties equiparables. Prestadors de serveis ubicats fora de l&#8217;EEE com ara Facebook, Inc o Google, LLC podran accedir a les seves dades de car\u00e0cter personal. Aquests prestadors de serveis es troben acollits al \u00abPrivacy Shield\u00bb o escut de privacitat i, per tant, es troben obligats a protegir les seves dades personals d&#8217;acord amb una s\u00e8rie de normes de protecci\u00f3 i salvaguardes ben definides per la Uni\u00f3 Europea.<\/p>\n<p>&nbsp;<\/p>\n<h4>Quins s\u00f3n els seus drets respecte al tractament de les seves dades?<\/h4>\n<p>La normativa sobre protecci\u00f3 de dades li reconeix uns drets amb la finalitat que tingui el control sobre les seves dades, i que pot exercitar en qualsevol moment dirigint-se per correu electr\u00f2nic a aqua@aquasportclubs.com.<\/p>\n<p>Per tramitar la seva sol\u00b7licitud, podrem demanar-li que acrediti la seva identitat.<\/p>\n<p>Li corresponen els seg\u00fcents drets:<\/p>\n<p>&nbsp;<\/p>\n<h4>Dret d&#8217;informaci\u00f3:<\/h4>\n<p>T\u00e9 dret a obtenir informaci\u00f3 clara, transparent i f\u00e0cil d&#8217;entendre sobre la manera com fem servir les seves dades personals i sobre els seus drets. Li facilitem aquesta informaci\u00f3 en aquesta Pol\u00edtica.<\/p>\n<h4>Dret d&#8217;acc\u00e9s:<\/h4>\n<p>T\u00e9 dret a con\u00e8ixer si s&#8217;estan tractant o no dades personals seus i en aquest cas, con\u00e8ixer les finalitats per a que es tracten, categoria de dades, destinataris, termini de conservaci\u00f3, i els drets que li concerneixen, entre d&#8217;altres. Es podr\u00e0 cobrar un c\u00e0non per costos administratius.<\/p>\n<h4>Dret de rectificaci\u00f3:<\/h4>\n<p>T\u00e9 dret a fer que es rectifiquin les seves dades personals quan siguin inexactes o hagin deixat de ser v\u00e0lids o a fer que es completin quan siguin incomplets.<\/p>\n<h4>Dret de supressi\u00f3 (dret a l&#8217;oblit)<\/h4>\n<p>En determinats casos, li correspon el dret a fer que les seves dades personals siguin esborrats o eliminats. Cal assenyalar que no es tracta d&#8217;un dret absolut, ja que podrem tenir motius legals o leg\u00edtims per conservar-los.<\/p>\n<h4>Dret a la limitaci\u00f3 del Tractament<\/h4>\n<p>T\u00e9 dret a sol\u00b7licitar la limitaci\u00f3 del tractament de les seves dades (podrem emmagatzemar per\u00f2 no podrem seguir usant-los ni tractant-los) en determinades circumst\u00e0ncies previstes pel Reglament General de Protecci\u00f3 de Dades:<\/p>\n<ul>\n<li>que l&#8217;interessat impugni l&#8217;exactitud de les dades personals, durant el termini que permeti al responsable verificar l&#8217;exactitud dels mateixos;<\/li>\n<li>que el tractament sigui il\u00b7l\u00edcit i l&#8217;interessat s&#8217;oposi a la supressi\u00f3 de les dades personals i sol\u00b7liciti en el seu lloc la limitaci\u00f3 del seu \u00fas;<\/li>\n<li>que el responsable ja no necessiti les dades personals per a les finalitats del tractament, per\u00f2 l&#8217;interessat els necessiti per a la formulaci\u00f3, l&#8217;exercici o la defensa de reclamacions;<\/li>\n<li>que l&#8217;interessat s&#8217;hagi oposat al tractament en virtut de l&#8217;article 21, apartat 1, mentre es verifica si els motius leg\u00edtims del responsable prevalen sobre els de l&#8217;interessat.<\/li>\n<\/ul>\n<h4>Dret a la portabilitat de les dades<\/h4>\n<p>T\u00e9 dret a traslladar, copiar o transferir dades des de la nostra base de dades a una altra diferent. Nom\u00e9s \u00e9s possible exercir aquest dret respecte a dades que hagi facilitat, quan el tractament estigui basat en l&#8217;execuci\u00f3 d&#8217;un contracte o en el seu consentiment i el tractament es realitzi per mitjans automatitzats.<\/p>\n<h4>Dret a oposici\u00f3 al tractament<\/h4>\n<p>T\u00e9 dret a oposar-se que tractem les seves dades quan aquest es basi en la satisfacci\u00f3 d&#8217;interessos leg\u00edtims, inclosa l&#8217;elaboraci\u00f3 de perfils i el m\u00e0rqueting directe.<\/p>\n<h4>Derecho a retirar el consentimiento<\/h4>\n<p>T\u00e9 dret a revocar el consentiment que hagu\u00e9s donat anteriorment per al tractament basat en aquest consentiment. La retirada del consentiment no afectar\u00e0 la licitud del tractament basat en el consentiment previ a la seva retirada.<\/p>\n<h4>Dret a presentar una reclamaci\u00f3 davant d&#8217;una autoritat de control<\/h4>\n<p>T\u00e9 dret a reclamar davant l&#8217;Ag\u00e8ncia Espanyola de Protecci\u00f3 de Dades si considera que s&#8217;han vist vulnerats els seus drets en relaci\u00f3 amb la protecci\u00f3 de dades personals (www.agpd.es).<\/p>\n<p>&nbsp;<\/p>\n<h4>Quin tractament es fa de les seves dades en els perfils d&#8217;Aqua en xarxes socials?<\/h4>\n<p>Aqua t\u00e9 pres\u00e8ncia en xarxes socials i pot tractar dades personals de les persones que es facin seguidores d&#8217;Aqua en les xarxes socials o realitzin qualsevol acci\u00f3 de connexi\u00f3 a trav\u00e9s de les mateixes. Un. Ha de tenir en compte que qualsevol informaci\u00f3 que publica a trav\u00e9s dels perfils a les xarxes socials que gestioni Aqua passar\u00e0 a ser informaci\u00f3 p\u00fablica i estar\u00e0 disponible per als visitants dels mateixos i el p\u00fablic en general. Aix\u00f2 suposa que qualsevol usuari ubicat en qualsevol pa\u00eds del m\u00f3n i amb car\u00e0cter universal, podr\u00e0 accedir a la seva informaci\u00f3. En aquest sentit, ha de tenir especial cura i dilig\u00e8ncia a l&#8217;hora de divulgar informaci\u00f3 personal en aquests Llocs. Aix\u00ed mateix tingui en compte que li ser\u00e0 d&#8217;aplicaci\u00f3 la pol\u00edtica de privacitat de la corresponent xarxa social.<\/p>\n<p>Les seves dades personals aportades en les xarxes socials que gestioni Aqua seran tractades per aquesta amb les seg\u00fcents finalitats: (i) permetre l&#8217;acc\u00e9s i navegaci\u00f3 als continguts i serveis oferts a trav\u00e9s d&#8217;aquestes xarxes socials (ii) permetre i gestionar la participaci\u00f3 en els concursos, promocions, sortejos o qualssevol altres iniciatives que realitzi Aqua i gestionar la promoci\u00f3 de guanyadors, aix\u00ed com el lliurament de possibles premis (iii) permetre l&#8217;enviament d&#8217;informaci\u00f3 o comunicacions comercials relatives als nostres serveis i (iv) per posar-nos en contacte amb Un. davant de qualsevol manifestaci\u00f3, queixa o reclamaci\u00f3 dels nostres serveis i gestionar les den\u00fancies que es reben de tercers per ab\u00fas (v) moderar els usos, que, si s&#8217;escau faci, en les xarxes socials d&#8217;Aqua.<\/p>\n<p>&nbsp;<\/p>\n<h4>Tractament d&#8217;Imatges<\/h4>\n<p>De conformitat en l&#8217;article 7.5 de la Llei org\u00e0nica 1\/1982, de 5 de maig, de protecci\u00f3 civil del dret a l&#8217;honor, a la intimitat personal i familiar i a la pr\u00f2pia imatge diu el seg\u00fcent: \u201cTindran la consideraci\u00f3 d&#8217;intromissions il\u00b7leg\u00edtimes: La captaci\u00f3, reproducci\u00f3 o publicaci\u00f3 per fotografia, film, o qualsevol altre procediment, de la imatge d&#8217;una persona en llocs o moments de la seva vida privada o fora d&#8217;ells\u201d. \u00c9s per aquest motiu que\u00a0Aqua\u00a0Sport\u00a0Clubs l&#8217;informa que durant els esdeveniments, competicions i altres accions socials que realitzem, es podran fer fotografies i\/o v\u00eddeos, les quals podran ser publicades en qualsevol de les nostres xarxes socials o en la nostra p\u00e0gina web.<\/p>\n<p>El tractament de les imatges s&#8217;efectua amb seri\u00f3s respecte cap a la persona, de conformitat amb la Llei org\u00e0nica 1\/1982, de 5 de maig, de protecci\u00f3 civil del dret a l&#8217;honor, a la intimitat personal i familiar, i a la pr\u00f2pia imatge, eliminant qualsevol captaci\u00f3 o filmaci\u00f3 que pogu\u00e9s atemptar aquests drets fonamentals, no sent les imatges utilitzades per a altres fins diferents als expressats.<\/p>\n<p>En relaci\u00f3 amb l&#8217;anterior\u00a0Aqua\u00a0Sport\u00a0Clubs tractar\u00e0 les imatges amb la finalitat descrita anteriorment, incloent-se en sistemes de tractament propis de l&#8217;Empresa i complint amb les mesures de seguretat, t\u00e8cnica i organitzativa, de conformitat al Nou Reglament general de protecci\u00f3 de Dades (UE) 2016\/679 i amb el que s&#8217;estableix en la Llei org\u00e0nica 3\/2018 de 5 de Desembre, de Protecci\u00f3 de Dades Personals i Garantia dels Drets Digitals (LOPDGDD)<\/p>\n<p>&nbsp;<\/p>\n<h4>Tractament de dades de MENORS D&#8217;EDAT<\/h4>\n<p>Els formularis de captaci\u00f3 de dades contingudes en aquest lloc web no van dirigits a menors de 16 anys. Hauran de ser els titulars de la p\u00e0tria potestat o tutela del menor qui autoritzin el tractament de les dades de l&#8217;infant.<\/p>\n<p>SI TENS MENYS DE 16 ANYS, NO POTS FACILITAR LES TEVES DADES PERSONALS EN AQUESTA P\u00c0GINA WEB. DEMANA AL TEU PARE O AL TEU MARE QUE ET AJUDIN A LLEGIR AQUESTA INFORMACI\u00d3 I QUE ET ACLAREIXIN TOT ALL\u00d2 QUE NO ENTENGUIS.<\/p>\n<p>Aqua realitzar\u00e0 els esfor\u00e7os raonables per verificar que el consentiment hagi estat donat pel titular de la p\u00e0tria potestat o tutela sobre el nen, tenint en compte la tecnologia disponible. A aquests efectes es podr\u00e0 sol\u00b7licitar una adre\u00e7a de contacte d&#8217;aquells a qui poder-nos dirigir.<\/p>\n<p>Aqua podr\u00e0 en qualsevol moment contactar-per comprovar que realment tens l&#8217;edat que has informat en el corresponent formulari de registre. Aqua podr\u00e0 sol\u00b7licitar-te la c\u00f2pia del DNI concedi\u00e9ndote un termini perqu\u00e8 ens ho facis arribar. L&#8217;incompliment del termini o la no entrega de qualsevol evid\u00e8ncia requerida per Aqua ens permetran bloquejar el teu compte fins que demostri ser major de 16 anys. Actualitzacions de la present pol\u00edtica \u00c9s possible que modifiquem la present pol\u00edtica de privacitat. La llegenda \u00abData d&#8217;entrada en vigor\u00bb a la part inferior d&#8217;aquesta pol\u00edtica indica quan va ser revisada per \u00faltima vegada. Els canvis entraran en vigor una vegada es publiqui la Pol\u00edtica de Privadesa.<\/p>\n<p>Data d&#8217;entrada en vigor: 25 de maig de 2018[\/vc_column_text][\/vc_column][\/vc_row]<\/p>\n","protected":false},"excerpt":{"rendered":"<p>[vc_row css_animation=\u00bb\u00bb row_type=\u00bbrow\u00bb use_row_as_full_screen_section=\u00bbno\u00bb type=\u00bbfull_width\u00bb angled_section=\u00bbno\u00bb text_align=\u00bbleft\u00bb background_image_as_pattern=\u00bbwithout_pattern\u00bb][vc_column css=\u00bb.vc_custom_1544044378228{margin-bottom: 100px !important;}\u00bb][vc_column_text] POL\u00cdTICA DE PROTECCI\u00d3 DE DADES aquasportclubs.com &nbsp; Aquesta pol\u00edtica de protecci\u00f3 de dades personals estableix les bases sobre les que Gim\u00e0s&#8230;<\/p>\n","protected":false},"author":4,"featured_media":0,"parent":0,"menu_order":0,"comment_status":"closed","ping_status":"closed","template":"","meta":{"footnotes":""},"acf":[],"yoast_head":"<!-- This site is optimized with the Yoast SEO plugin v19.11 - https:\/\/yoast.com\/wordpress\/plugins\/seo\/ -->\n<title>Privacitat - Aqua Sport Clubs<\/title>\n<meta name=\"robots\" content=\"noindex, nofollow\" \/>\n<meta property=\"og:locale\" content=\"es_ES\" \/>\n<meta property=\"og:type\" content=\"article\" \/>\n<meta property=\"og:title\" content=\"Privacitat - Aqua Sport Clubs\" \/>\n<meta property=\"og:description\" content=\"[vc_row css_animation=\u00bb\u00bb row_type=\u00bbrow\u00bb use_row_as_full_screen_section=\u00bbno\u00bb type=\u00bbfull_width\u00bb angled_section=\u00bbno\u00bb text_align=\u00bbleft\u00bb background_image_as_pattern=\u00bbwithout_pattern\u00bb][vc_column css=\u00bb.vc_custom_1544044378228{margin-bottom: 100px !important;}\u00bb][vc_column_text] POL\u00cdTICA DE PROTECCI\u00d3 DE DADES aquasportclubs.com &nbsp; Aquesta pol\u00edtica de protecci\u00f3 de dades personals estableix les bases sobre les que Gim\u00e0s...\" \/>\n<meta property=\"og:url\" content=\"https:\/\/www.aquasportclubs.com\/ca\/privacitat\/\" \/>\n<meta property=\"og:site_name\" content=\"Aqua Sport Clubs\" \/>\n<meta property=\"article:publisher\" content=\"https:\/\/www.facebook.com\/aquasportclubs\" \/>\n<meta property=\"article:modified_time\" content=\"2023-12-21T13:51:42+00:00\" \/>\n<meta property=\"og:image\" content=\"https:\/\/www.aquasportclubs.com\/wp-content\/uploads\/2019\/05\/gimnasio-aqua-vilanova-i-la-geltru.jpg\" \/>\n\t<meta property=\"og:image:width\" content=\"1200\" \/>\n\t<meta property=\"og:image:height\" content=\"901\" \/>\n\t<meta property=\"og:image:type\" content=\"image\/jpeg\" \/>\n<meta name=\"twitter:label1\" content=\"Tiempo de lectura\" \/>\n\t<meta name=\"twitter:data1\" content=\"15 minutos\" \/>\n<script type=\"application\/ld+json\" class=\"yoast-schema-graph\">{\"@context\":\"https:\/\/schema.org\",\"@graph\":[{\"@type\":\"WebPage\",\"@id\":\"https:\/\/www.aquasportclubs.com\/ca\/privacitat\/\",\"url\":\"https:\/\/www.aquasportclubs.com\/ca\/privacitat\/\",\"name\":\"Privacitat - Aqua Sport Clubs\",\"isPartOf\":{\"@id\":\"https:\/\/www.aquasportclubs.com\/#website\"},\"datePublished\":\"2019-01-18T09:33:07+00:00\",\"dateModified\":\"2023-12-21T13:51:42+00:00\",\"breadcrumb\":{\"@id\":\"https:\/\/www.aquasportclubs.com\/ca\/privacitat\/#breadcrumb\"},\"inLanguage\":\"es\",\"potentialAction\":[{\"@type\":\"ReadAction\",\"target\":[\"https:\/\/www.aquasportclubs.com\/ca\/privacitat\/\"]}]},{\"@type\":\"BreadcrumbList\",\"@id\":\"https:\/\/www.aquasportclubs.com\/ca\/privacitat\/#breadcrumb\",\"itemListElement\":[{\"@type\":\"ListItem\",\"position\":1,\"name\":\"Portada\",\"item\":\"https:\/\/www.aquasportclubs.com\/\"},{\"@type\":\"ListItem\",\"position\":2,\"name\":\"Privacitat\"}]},{\"@type\":\"WebSite\",\"@id\":\"https:\/\/www.aquasportclubs.com\/#website\",\"url\":\"https:\/\/www.aquasportclubs.com\/\",\"name\":\"Aqua Sport Clubs\",\"description\":\"Gimnasio Aqua Sport Clubs, club de padel y centro de est\u00e9tica en Vilanova i la Geltr\u00fa\",\"publisher\":{\"@id\":\"https:\/\/www.aquasportclubs.com\/#organization\"},\"potentialAction\":[{\"@type\":\"SearchAction\",\"target\":{\"@type\":\"EntryPoint\",\"urlTemplate\":\"https:\/\/www.aquasportclubs.com\/?s={search_term_string}\"},\"query-input\":\"required name=search_term_string\"}],\"inLanguage\":\"es\"},{\"@type\":\"Organization\",\"@id\":\"https:\/\/www.aquasportclubs.com\/#organization\",\"name\":\"Aqua Sport Clubs Vilanova\",\"url\":\"https:\/\/www.aquasportclubs.com\/\",\"logo\":{\"@type\":\"ImageObject\",\"inLanguage\":\"es\",\"@id\":\"https:\/\/www.aquasportclubs.com\/#\/schema\/logo\/image\/\",\"url\":\"https:\/\/www.aquasportclubs.com\/wp-content\/uploads\/2019\/01\/Logo_Aqua-nou-e1557131934702.png\",\"contentUrl\":\"https:\/\/www.aquasportclubs.com\/wp-content\/uploads\/2019\/01\/Logo_Aqua-nou-e1557131934702.png\",\"width\":137,\"height\":40,\"caption\":\"Aqua Sport Clubs Vilanova\"},\"image\":{\"@id\":\"https:\/\/www.aquasportclubs.com\/#\/schema\/logo\/image\/\"},\"sameAs\":[\"https:\/\/www.instagram.com\/aquasportclubs\/\",\"https:\/\/www.linkedin.com\/company\/aquasportclubs\/\",\"https:\/\/www.youtube.com\/channel\/UC1boG7pQQ3Qg7QcrrYh13gw\",\"https:\/\/www.facebook.com\/aquasportclubs\"]}]}<\/script>\n<!-- \/ Yoast SEO plugin. -->","yoast_head_json":{"title":"Privacitat - Aqua Sport Clubs","robots":{"index":"noindex","follow":"nofollow"},"og_locale":"es_ES","og_type":"article","og_title":"Privacitat - Aqua Sport Clubs","og_description":"[vc_row css_animation=\u00bb\u00bb row_type=\u00bbrow\u00bb use_row_as_full_screen_section=\u00bbno\u00bb type=\u00bbfull_width\u00bb angled_section=\u00bbno\u00bb text_align=\u00bbleft\u00bb background_image_as_pattern=\u00bbwithout_pattern\u00bb][vc_column css=\u00bb.vc_custom_1544044378228{margin-bottom: 100px !important;}\u00bb][vc_column_text] POL\u00cdTICA DE PROTECCI\u00d3 DE DADES aquasportclubs.com &nbsp; Aquesta pol\u00edtica de protecci\u00f3 de dades personals estableix les bases sobre les que Gim\u00e0s...","og_url":"https:\/\/www.aquasportclubs.com\/ca\/privacitat\/","og_site_name":"Aqua Sport Clubs","article_publisher":"https:\/\/www.facebook.com\/aquasportclubs","article_modified_time":"2023-12-21T13:51:42+00:00","og_image":[{"width":1200,"height":901,"url":"https:\/\/www.aquasportclubs.com\/wp-content\/uploads\/2019\/05\/gimnasio-aqua-vilanova-i-la-geltru.jpg","type":"image\/jpeg"}],"twitter_misc":{"Tiempo de lectura":"15 minutos"},"schema":{"@context":"https:\/\/schema.org","@graph":[{"@type":"WebPage","@id":"https:\/\/www.aquasportclubs.com\/ca\/privacitat\/","url":"https:\/\/www.aquasportclubs.com\/ca\/privacitat\/","name":"Privacitat - Aqua Sport Clubs","isPartOf":{"@id":"https:\/\/www.aquasportclubs.com\/#website"},"datePublished":"2019-01-18T09:33:07+00:00","dateModified":"2023-12-21T13:51:42+00:00","breadcrumb":{"@id":"https:\/\/www.aquasportclubs.com\/ca\/privacitat\/#breadcrumb"},"inLanguage":"es","potentialAction":[{"@type":"ReadAction","target":["https:\/\/www.aquasportclubs.com\/ca\/privacitat\/"]}]},{"@type":"BreadcrumbList","@id":"https:\/\/www.aquasportclubs.com\/ca\/privacitat\/#breadcrumb","itemListElement":[{"@type":"ListItem","position":1,"name":"Portada","item":"https:\/\/www.aquasportclubs.com\/"},{"@type":"ListItem","position":2,"name":"Privacitat"}]},{"@type":"WebSite","@id":"https:\/\/www.aquasportclubs.com\/#website","url":"https:\/\/www.aquasportclubs.com\/","name":"Aqua Sport Clubs","description":"Gimnasio Aqua Sport Clubs, club de padel y centro de est\u00e9tica en Vilanova i la Geltr\u00fa","publisher":{"@id":"https:\/\/www.aquasportclubs.com\/#organization"},"potentialAction":[{"@type":"SearchAction","target":{"@type":"EntryPoint","urlTemplate":"https:\/\/www.aquasportclubs.com\/?s={search_term_string}"},"query-input":"required name=search_term_string"}],"inLanguage":"es"},{"@type":"Organization","@id":"https:\/\/www.aquasportclubs.com\/#organization","name":"Aqua Sport Clubs Vilanova","url":"https:\/\/www.aquasportclubs.com\/","logo":{"@type":"ImageObject","inLanguage":"es","@id":"https:\/\/www.aquasportclubs.com\/#\/schema\/logo\/image\/","url":"https:\/\/www.aquasportclubs.com\/wp-content\/uploads\/2019\/01\/Logo_Aqua-nou-e1557131934702.png","contentUrl":"https:\/\/www.aquasportclubs.com\/wp-content\/uploads\/2019\/01\/Logo_Aqua-nou-e1557131934702.png","width":137,"height":40,"caption":"Aqua Sport Clubs Vilanova"},"image":{"@id":"https:\/\/www.aquasportclubs.com\/#\/schema\/logo\/image\/"},"sameAs":["https:\/\/www.instagram.com\/aquasportclubs\/","https:\/\/www.linkedin.com\/company\/aquasportclubs\/","https:\/\/www.youtube.com\/channel\/UC1boG7pQQ3Qg7QcrrYh13gw","https:\/\/www.facebook.com\/aquasportclubs"]}]}},"_links":{"self":[{"href":"https:\/\/www.aquasportclubs.com\/ca\/wp-json\/wp\/v2\/pages\/3216\/"}],"collection":[{"href":"https:\/\/www.aquasportclubs.com\/ca\/wp-json\/wp\/v2\/pages\/"}],"about":[{"href":"https:\/\/www.aquasportclubs.com\/ca\/wp-json\/wp\/v2\/types\/page\/"}],"author":[{"embeddable":true,"href":"https:\/\/www.aquasportclubs.com\/ca\/wp-json\/wp\/v2\/users\/4\/"}],"replies":[{"embeddable":true,"href":"https:\/\/www.aquasportclubs.com\/ca\/wp-json\/wp\/v2\/comments\/?post=3216"}],"version-history":[{"count":1,"href":"https:\/\/www.aquasportclubs.com\/ca\/wp-json\/wp\/v2\/pages\/3216\/revisions\/"}],"predecessor-version":[{"id":7084,"href":"https:\/\/www.aquasportclubs.com\/ca\/wp-json\/wp\/v2\/pages\/3216\/revisions\/7084\/"}],"wp:attachment":[{"href":"https:\/\/www.aquasportclubs.com\/ca\/wp-json\/wp\/v2\/media\/?parent=3216"}],"curies":[{"name":"wp","href":"https:\/\/api.w.org\/{rel}","templated":true}]}}